{"id":4,"date":"2025-02-04T08:17:05","date_gmt":"2025-02-04T08:17:05","guid":{"rendered":"https:\/\/sancev.fr\/home-page\/"},"modified":"2025-11-26T20:48:22","modified_gmt":"2025-11-26T20:48:22","slug":"home-page","status":"publish","type":"page","link":"https:\/\/sancev.fr\/","title":{"rendered":"Accueil"},"content":{"rendered":"\n<div class=\"wp-block-columns has-white-background-color has-background is-layout-flex wp-container-core-columns-is-layout-46da9949 wp-block-columns-is-layout-flex\" style=\"margin-top:0%;margin-bottom:0;font-size:0px\">\n<div class=\"wp-block-column is-layout-flow wp-block-column-is-layout-flow\" style=\"border-style:none;border-width:0px\">\n<figure class=\"wp-block-image alignleft size-large is-resized\"><img loading=\"lazy\" decoding=\"async\" width=\"1024\" height=\"341\" src=\"https:\/\/sancev.fr\/wp-content\/uploads\/2025\/03\/SANCEV-Logo-1024x341.jpg\" alt=\"\" class=\"wp-image-147\" style=\"width:613px;height:auto\" srcset=\"https:\/\/sancev.fr\/wp-content\/uploads\/2025\/03\/SANCEV-Logo-1024x341.jpg 1024w, https:\/\/sancev.fr\/wp-content\/uploads\/2025\/03\/SANCEV-Logo-300x100.jpg 300w, https:\/\/sancev.fr\/wp-content\/uploads\/2025\/03\/SANCEV-Logo-768x256.jpg 768w, https:\/\/sancev.fr\/wp-content\/uploads\/2025\/03\/SANCEV-Logo-1536x512.jpg 1536w, https:\/\/sancev.fr\/wp-content\/uploads\/2025\/03\/SANCEV-Logo-2048x683.jpg 2048w\" sizes=\"auto, (max-width: 1024px) 100vw, 1024px\" \/><\/figure>\n<\/div>\n\n\n\n<div class=\"wp-block-column is-vertically-aligned-center is-layout-flow wp-block-column-is-layout-flow\" style=\"border-style:none;border-width:0px\">\n<div style=\"height:15px\" aria-hidden=\"true\" class=\"wp-block-spacer\"><\/div>\n\n\n\n<div class=\"wp-block-buttons is-horizontal is-content-justification-left is-nowrap is-layout-flex wp-container-core-buttons-is-layout-185e3e8b wp-block-buttons-is-layout-flex\" style=\"border-style:none;border-width:0px;margin-top:85;margin-bottom:85;padding-top:0%;padding-right:0%;padding-bottom:0%;padding-left:0%\">\n<div class=\"wp-block-button .button-class { \/* Remplace &quot;button-class&quot; par la classe de tes boutons *\/  display: inline-block; min-width: 150px; Ajuste largeur minimale selon ton besoin max-width: 200px; Optionnel, pour \u00e9viter des trop grands padding: 10px 20px; l'espacement int\u00e9rieur text-align: center; white-space: nowrap; Emp\u00eache le retour \u00e0 ligne }\" id=\"-retrofit\"><a class=\"wp-block-button__link has-text-align-center wp-element-button\" href=\"#mon-retrofit\"> le r\u00e9trofit <\/a><\/div>\n\n\n\n<div class=\"wp-block-button\" id=\"notre-offre\"><a class=\"wp-block-button__link has-custom-color-1-background-color has-background has-text-align-center wp-element-button\" href=\"#mon-offre\">notre offre<\/a><\/div>\n\n\n\n<div class=\"wp-block-button\" id=\"expertise\"><a class=\"wp-block-button__link has-custom-color-1-background-color has-background wp-element-button\" href=\"#mon-expertise\">    expertise    <\/a><\/div>\n\n\n\n<div class=\"wp-block-button\" id=\"expertise\"><a class=\"wp-block-button__link has-custom-color-1-background-color has-background wp-element-button\" href=\"#mon-contact\">Contact <\/a><\/div>\n\n\n\n<div class=\"wp-block-button\"><a class=\"wp-block-button__link has-custom-color-1-background-color has-background wp-element-button\" href=\"#presse\">Presse<\/a><\/div>\n<\/div>\n\n\n\n<div class=\"wp-block-buttons is-content-justification-left is-layout-flex wp-container-core-buttons-is-layout-fda66544 wp-block-buttons-is-layout-flex\" style=\"border-style:none;border-width:0px;margin-top:85;margin-bottom:85;padding-top:0%;padding-right:0%;padding-bottom:0%;padding-left:0%\">\n<div class=\"wp-block-button .button-class { \/* Remplace &quot;button-class&quot; par la classe de tes boutons *\/  display: inline-block; min-width: 150px; Ajuste largeur minimale selon ton besoin max-width: 200px; Optionnel, pour \u00e9viter des trop grands padding: 10px 20px; l'espacement int\u00e9rieur text-align: center; white-space: nowrap; Emp\u00eache le retour \u00e0 ligne }\" id=\"-retrofit\"><a class=\"wp-block-button__link has-custom-color-2-color has-white-background-color has-text-color has-background has-link-color has-text-align-center wp-element-button\" href=\"http:\/\/sancev.co\" target=\"_blank\" rel=\"noreferrer noopener\">\ud83c\uddec\ud83c\udde7 IN ENGLISH<\/a><\/div>\n<\/div>\n<\/div>\n<\/div>\n\n\n\n<div class=\"wp-block-cover alignfull is-light has-parallax has-custom-content-position is-position-top-left has-contrast-color has-text-color wp-duotone-unset-1\" style=\"border-right-style:none;border-right-width:0rem;border-left-style:none;border-left-width:0rem;margin-top:0px;margin-bottom:0px;padding-top:2vh;padding-right:4vw;padding-bottom:8vh;padding-left:4vw;min-height:823px;aspect-ratio:unset;\"><div class=\"wp-block-cover__image-background wp-image-178 has-parallax\" style=\"background-position:50% 50%;background-image:url(https:\/\/sancev.fr\/wp-content\/uploads\/2025\/02\/Capture-decran-2025-04-04-a-10.25.38.png)\"><\/div><span aria-hidden=\"true\" class=\"wp-block-cover__background has-tertiary-background-color has-background-dim-30 has-background-dim\"><\/span><div class=\"wp-block-cover__inner-container has-global-padding is-layout-constrained wp-container-core-cover-is-layout-79ceab97 wp-block-cover-is-layout-constrained\">\n<div class=\"wp-block-group alignwide has-global-padding is-layout-constrained wp-block-group-is-layout-constrained\" style=\"min-height:100vh\">\n<div class=\"wp-block-columns alignwide is-layout-flex wp-container-core-columns-is-layout-fcc28343 wp-block-columns-is-layout-flex\" style=\"padding-top:0px;padding-right:0px;padding-bottom:0px;padding-left:0px\">\n<div class=\"wp-block-column is-vertically-aligned-center is-layout-flow wp-block-column-is-layout-flow\" style=\"border-style:none;border-width:0px;border-radius:0px;padding-top:0%;padding-right:0%;padding-bottom:0%;padding-left:0%;flex-basis:40em\">\n<div style=\"height:11px\" aria-hidden=\"true\" class=\"wp-block-spacer\"><\/div>\n\n\n\n<h1 class=\"wp-block-heading alignwide has-text-align-left\">Des solutions fiables et comp\u00e9titives pour \u00e9lectrifier les flottes automobiles<\/h1>\n\n\n\n<div class=\"wp-block-group is-vertical is-content-justification-left is-layout-flex wp-container-core-group-is-layout-5d4243f1 wp-block-group-is-layout-flex\">\n<div style=\"height:16px\" aria-hidden=\"true\" class=\"wp-block-spacer wp-container-content-f9bd05ee\"><\/div>\n\n\n\n<p class=\"is-style-default wp-container-content-0d343077\">Fort de sa technologie \u00ab\u00a0Deeptech\u00a0\u00bb, Sancev d\u00e9veloppe et industrialise des solutions de R\u00e9trofit Bas Carbone dont le co\u00fbt est 50% moins \u00e9lev\u00e9 que celui d&rsquo;un v\u00e9hicule \u00e9lectrique neuf.<\/p>\n<\/div>\n\n\n\n<div style=\"height:2%\" aria-hidden=\"true\" class=\"wp-block-spacer mt-0\"><\/div>\n<\/div>\n<\/div>\n\n\n\n<div style=\"height:0px;width:0px\" aria-hidden=\"true\" class=\"wp-block-spacer\"><\/div>\n<\/div>\n<\/div><\/div>\n\n\n\n<article class=\"wp-block-cover is-light mb-0 mt-0\" style=\"padding-top:0;padding-right:0;padding-bottom:0;padding-left:0;font-size:0px;min-height:50px;aspect-ratio:unset;\" id=\"mon-retrofit\"><span aria-hidden=\"true\" class=\"wp-block-cover__background has-custom-color-1-background-color has-background-dim-100 has-background-dim\"><\/span><div class=\"wp-block-cover__inner-container is-layout-flow wp-block-cover-is-layout-flow\">\n<h1 class=\"wp-block-heading\" id=\"-retrofit\" style=\"padding-top:2%;padding-right:13%;padding-bottom:2%;padding-left:8%\">Le R\u00e9trofit Bas Carbone par Sancev<br><\/h1>\n\n\n\n<p class=\"p { margin: 20px 0; \/* Change la marge des paragraphes *\/ } has-medium-font-size\" style=\"margin-top:0%;margin-right:0%;margin-bottom:0%;margin-left:0%;padding-top:2%;padding-right:13%;padding-bottom:2%;padding-left:8%\">L&rsquo;arr\u00eat\u00e9 de mars 2020 sur le R\u00e9trofit permet <strong>l&rsquo;homologation<\/strong> <strong>de<\/strong> <strong>kits<\/strong> <strong>de<\/strong> <strong>r\u00e9trofit<\/strong> <strong>en<\/strong> <strong>s\u00e9rie <\/strong>et encadre tr\u00e8s clairement cette modification, assurant la s\u00e9curit\u00e9 du v\u00e9hicule.<br><br>Le R\u00e9trofit est la<strong> transformation d&rsquo;un v\u00e9hicule thermique en v\u00e9hicule \u00e9lectrique<\/strong>, tout en gardant le ch\u00e2ssis d&rsquo;origine. Le moteur thermique et le r\u00e9servoir de carburant sont extraits du v\u00e9hicule pour laisser la place \u00e0 un <strong>moteur \u00e9lectrique et une batterie.<\/strong> Cela permet de contribuer \u00e0 la d\u00e9carbonation du parc avec un moindre impact sur les mati\u00e8res premi\u00e8res.<br><br>C&rsquo;est une solution <strong>\u00e9cologique<\/strong> et <strong>\u00e9conomique<\/strong> face aux restrictions l\u00e9gislatives. Le R\u00e9trofit s&rsquo;applique \u00e0 des v\u00e9hicules ayant plus de 5 ans. L&rsquo;installation se fait via notre r\u00e9seau d&rsquo;installateur en r\u00e9gion.<\/p>\n\n\n\n<div class=\"wp-block-columns is-layout-flex wp-container-core-columns-is-layout-dc6ad9a2 wp-block-columns-is-layout-flex\" style=\"padding-top:2%;padding-right:13%;padding-bottom:2%;padding-left:8%\">\n<div class=\"wp-block-column has-custom-color-3-background-color has-background is-layout-flow wp-block-column-is-layout-flow\" style=\"border-style:none;border-width:0%;border-radius:0%;padding-top:0%;padding-right:0%;padding-bottom:0%;padding-left:0%\">\n<p class=\"has-text-align-center has-white-color has-text-color has-link-color has-large-font-size wp-elements-20ead7085d8748cddf19caf72a3dd16c\" style=\"font-style:normal;font-weight:500\">Transition Ecologique<\/p>\n\n\n\n<p class=\"has-white-color has-text-color has-link-color wp-elements-4c0695a1c436f792e523242a15a9c1e4\" style=\"padding-top:5%;padding-right:5%;padding-bottom:5%;padding-left:5%;font-style:normal;font-weight:500\">R\u00e9duction de 58% des besoins de mati\u00e8res premi\u00e8res vs. achat d&rsquo;un v\u00e9hicule \u00e9lectrique neuf<br><br>Empreinte CO2 r\u00e9duite \u00e0 hauteur de 6 \u00e0 7 tonnes<br><br>Valorisation du patrimoine existant<\/p>\n<\/div>\n\n\n\n<div class=\"wp-block-column has-custom-color-3-background-color has-background is-layout-flow wp-block-column-is-layout-flow\" style=\"border-radius:0px;padding-top:0%;padding-right:0%;padding-bottom:0%;padding-left:0%\">\n<p class=\"has-text-align-center has-white-color has-text-color has-link-color has-large-font-size wp-elements-b7ec48b489760ac0e9e3342b7c42b84c\" style=\"font-style:normal;font-weight:500\">Conformit\u00e9 L\u00e9gislative<\/p>\n\n\n\n<p class=\"has-white-color has-text-color has-link-color wp-elements-f4acea6c8a2621070c56159c640fa4c1\" style=\"padding-top:5%;padding-right:5%;padding-bottom:5%;padding-left:5%;font-style:normal;font-weight:500\">Entrer en conformit\u00e9 avec les exigences des Zones \u00e0 Faibles Emissions (ZFE)<br><br>Verdir sa flotte automobile conform\u00e9ment \u00e0 la loi LOM<br><br>B\u00e9n\u00e9ficier du cadre l\u00e9gislatif favorable au R\u00e9trofit<\/p>\n<\/div>\n\n\n\n<div class=\"wp-block-column has-custom-color-3-background-color has-background is-layout-flow wp-block-column-is-layout-flow\" style=\"border-radius:0px;padding-top:0%;padding-right:0%;padding-bottom:0%;padding-left:0%\">\n<p class=\"has-text-align-center has-white-color has-text-color has-link-color has-large-font-size wp-elements-2f848a31c560bf9d7f90ea0f6292b94c\" style=\"font-style:normal;font-weight:500\">B\u00e9n\u00e9fices Economiques<\/p>\n\n\n\n<p class=\"has-white-color has-custom-color-3-background-color has-text-color has-background has-link-color wp-elements-b127dad1c65585d4711a65891220591b\" style=\"padding-top:5%;padding-right:5%;padding-bottom:5%;padding-left:5%;font-style:normal;font-weight:500\">Economiser 50% du co\u00fbt d&rsquo;achat d&rsquo;un v\u00e9hicule \u00e9lectrique neuf<br><br>B\u00e9n\u00e9ficier des aides financi\u00e8res locales<br><br><br><\/p>\n<\/div>\n<\/div>\n<\/div><\/article>\n\n\n\n<section id=\"mon-offre\" class=\"wp-block-group has-custom-color-3-background-color has-background mb-0 mt-0 is-layout-flow wp-block-group-is-layout-flow\" style=\"padding-top:0;padding-right:0;padding-bottom:0;padding-left:0;font-size:0px\">\n<div class=\"wp-block-columns is-layout-flex wp-container-core-columns-is-layout-328a6777 wp-block-columns-is-layout-flex\" style=\"padding-top:0%;padding-right:0%;padding-bottom:5%;padding-left:5%\">\n<div class=\"wp-block-column is-layout-flow wp-block-column-is-layout-flow\" style=\"border-style:none;border-width:0px\">\n<h1 class=\"wp-block-heading\" style=\"padding-top:2%;padding-right:13%;padding-bottom:2%;padding-left:3%\">Notre offre de partenariat en 4 \u00e9tapes<\/h1>\n\n\n\n<div class=\"wp-block-columns is-layout-flex wp-container-core-columns-is-layout-28f84493 wp-block-columns-is-layout-flex\">\n<div class=\"wp-block-column is-layout-flow wp-block-column-is-layout-flow\">\n<figure class=\"wp-block-image alignleft size-full is-resized\"><img loading=\"lazy\" decoding=\"async\" width=\"898\" height=\"646\" src=\"https:\/\/sancev.fr\/wp-content\/uploads\/2025\/02\/Capture-decran-2025-04-04-a-17.38.24.png\" alt=\"\" class=\"wp-image-204\" style=\"width:708px;height:auto\" srcset=\"https:\/\/sancev.fr\/wp-content\/uploads\/2025\/02\/Capture-decran-2025-04-04-a-17.38.24.png 898w, https:\/\/sancev.fr\/wp-content\/uploads\/2025\/02\/Capture-decran-2025-04-04-a-17.38.24-300x216.png 300w, https:\/\/sancev.fr\/wp-content\/uploads\/2025\/02\/Capture-decran-2025-04-04-a-17.38.24-768x552.png 768w\" sizes=\"auto, (max-width: 898px) 100vw, 898px\" \/><\/figure>\n<\/div>\n\n\n\n<div class=\"wp-block-column is-layout-flow wp-block-column-is-layout-flow\">\n<figure class=\"wp-block-image alignleft size-full is-resized\"><img loading=\"lazy\" decoding=\"async\" width=\"898\" height=\"646\" src=\"https:\/\/sancev.fr\/wp-content\/uploads\/2025\/02\/Capture-decran-2025-04-04-a-17.38.46.png\" alt=\"\" class=\"wp-image-205\" style=\"width:707px;height:auto\" srcset=\"https:\/\/sancev.fr\/wp-content\/uploads\/2025\/02\/Capture-decran-2025-04-04-a-17.38.46.png 898w, https:\/\/sancev.fr\/wp-content\/uploads\/2025\/02\/Capture-decran-2025-04-04-a-17.38.46-300x216.png 300w, https:\/\/sancev.fr\/wp-content\/uploads\/2025\/02\/Capture-decran-2025-04-04-a-17.38.46-768x552.png 768w\" sizes=\"auto, (max-width: 898px) 100vw, 898px\" \/><\/figure>\n<\/div>\n<\/div>\n\n\n\n<div class=\"wp-block-group has-global-padding is-layout-constrained wp-block-group-is-layout-constrained\">\n<div class=\"wp-block-columns is-layout-flex wp-container-core-columns-is-layout-28f84493 wp-block-columns-is-layout-flex\">\n<div class=\"wp-block-column is-layout-flow wp-block-column-is-layout-flow\">\n<figure class=\"wp-block-image alignleft size-full is-resized\"><img loading=\"lazy\" decoding=\"async\" width=\"898\" height=\"646\" src=\"https:\/\/sancev.fr\/wp-content\/uploads\/2025\/02\/Capture-decran-2025-04-04-a-17.39.10.png\" alt=\"\" class=\"wp-image-206\" style=\"width:711px;height:auto\" srcset=\"https:\/\/sancev.fr\/wp-content\/uploads\/2025\/02\/Capture-decran-2025-04-04-a-17.39.10.png 898w, https:\/\/sancev.fr\/wp-content\/uploads\/2025\/02\/Capture-decran-2025-04-04-a-17.39.10-300x216.png 300w, https:\/\/sancev.fr\/wp-content\/uploads\/2025\/02\/Capture-decran-2025-04-04-a-17.39.10-768x552.png 768w\" sizes=\"auto, (max-width: 898px) 100vw, 898px\" \/><\/figure>\n<\/div>\n\n\n\n<div class=\"wp-block-column is-layout-flow wp-block-column-is-layout-flow\">\n<figure class=\"wp-block-image alignleft size-full is-resized\"><img loading=\"lazy\" decoding=\"async\" width=\"898\" height=\"646\" src=\"https:\/\/sancev.fr\/wp-content\/uploads\/2025\/02\/Capture-decran-2025-04-04-a-17.39.44.png\" alt=\"\" class=\"wp-image-207\" style=\"width:712px;height:auto\" srcset=\"https:\/\/sancev.fr\/wp-content\/uploads\/2025\/02\/Capture-decran-2025-04-04-a-17.39.44.png 898w, https:\/\/sancev.fr\/wp-content\/uploads\/2025\/02\/Capture-decran-2025-04-04-a-17.39.44-300x216.png 300w, https:\/\/sancev.fr\/wp-content\/uploads\/2025\/02\/Capture-decran-2025-04-04-a-17.39.44-768x552.png 768w\" sizes=\"auto, (max-width: 898px) 100vw, 898px\" \/><\/figure>\n<\/div>\n<\/div>\n<\/div>\n<\/div>\n<\/div>\n<\/section>\n\n\n\n<section id=\"mon-expertise\" class=\"wp-block-group has-custom-color-1-background-color has-background mb-0 mt-0 is-layout-flow wp-block-group-is-layout-flow\" style=\"padding-top:0;padding-right:0;padding-bottom:0;padding-left:0;font-size:0px\">\n<div class=\"wp-block-columns is-layout-flex wp-container-core-columns-is-layout-5d301f93 wp-block-columns-is-layout-flex\" style=\"padding-top:5%;padding-right:5%;padding-bottom:5%;padding-left:0%\">\n<div class=\"wp-block-column is-layout-flow wp-block-column-is-layout-flow\" style=\"border-style:none;border-width:0px\">\n<h1 class=\"wp-block-heading\" style=\"padding-top:0%;padding-right:13%;padding-bottom:2%;padding-left:8%\">Notre Savoir-faire: le R\u00e9trofit Bas Carbone comp\u00e9titif<br><\/h1>\n\n\n\n<p style=\"padding-top:2%;padding-right:13%;padding-bottom:2%;padding-left:8%;font-style:normal;font-weight:500\">Sancev a \u00e9t\u00e9 fond\u00e9e en 2023 par Christophe de Charentenay et St\u00e9phane Durand avec l&rsquo;objectif d&rsquo;acc\u00e9l\u00e9rer la d\u00e9carbonation du parc automobile en d\u00e9mocratisant le R\u00e9trofit, une solution performante d&rsquo;\u00e9lectrification bas carbone.<br><br>Passionn\u00e9s par l\u2019innovation technologique et forts d&rsquo;un riche parcours dans l&rsquo;industrie automobile, Christophe et St\u00e9phane combinent une forte expertise technique avec un souci permanent de comp\u00e9titivit\u00e9. Ils ont d\u00e9montr\u00e9 leur capacit\u00e9 \u00e0 mener \u00e0 bien des projets ambitieux gr\u00e2ce \u00e0 leur pragmatisme op\u00e9rationnel. Le succ\u00e8s de Dacia Spring, v\u00e9hicule \u00e9lectrique le plus accessible et le plus vendu en France en 2022, en est un parfait exemple.<br><br>Au sein de Sancev, Christophe et St\u00e9phane se sont entour\u00e9s d&rsquo;une \u00e9quipe d&rsquo;experts en batteries \u00e9lectriques, en \u00e9lectronique et en homologation, afin d&rsquo;assurer le d\u00e9veloppement de kits R\u00e9trofit au meilleur niveau de performance, de fiabilit\u00e9 et de comp\u00e9titivit\u00e9.<br><\/p>\n\n\n\n<figure class=\"wp-block-image aligncenter size-full is-resized\"><img loading=\"lazy\" decoding=\"async\" width=\"1205\" height=\"854\" src=\"https:\/\/sancev.fr\/wp-content\/uploads\/2025\/04\/WhatsApp-Image-2025-01-27-at-19.07.45-e1743753859145.jpeg\" alt=\"\" class=\"wp-image-151\" style=\"width:811px;height:auto\" srcset=\"https:\/\/sancev.fr\/wp-content\/uploads\/2025\/04\/WhatsApp-Image-2025-01-27-at-19.07.45-e1743753859145.jpeg 1205w, https:\/\/sancev.fr\/wp-content\/uploads\/2025\/04\/WhatsApp-Image-2025-01-27-at-19.07.45-e1743753859145-300x213.jpeg 300w, https:\/\/sancev.fr\/wp-content\/uploads\/2025\/04\/WhatsApp-Image-2025-01-27-at-19.07.45-e1743753859145-1024x726.jpeg 1024w, https:\/\/sancev.fr\/wp-content\/uploads\/2025\/04\/WhatsApp-Image-2025-01-27-at-19.07.45-e1743753859145-768x544.jpeg 768w\" sizes=\"auto, (max-width: 1205px) 100vw, 1205px\" \/><\/figure>\n\n\n\n<p><br><strong>Christophe de Charentenay <br><\/strong>Co-fondateur<br><br>Dipl\u00f4m\u00e9 de l&rsquo;\u00c9cole des Ponts et Chauss\u00e9es, Christophe poss\u00e8de plus de vingt ans d\u2019exp\u00e9rience dans le secteur automobile, au sein du Groupe Renault.<br>Pr\u00e9sident d&rsquo;une JV Renault \/ Nissan \/ Dongfeng en Chine jusqu&rsquo;en 2020, il a notamment pilot\u00e9 la conception et l&rsquo;industrialisation de la&nbsp;Dacia Spring, le v\u00e9hicule \u00e9lectrique le plus \u00e9cologique de 2022.<br><br><br><strong>St\u00e9phane Durand<\/strong><br>Co-fondateur<br><br>Fort de 25 ans dans l&rsquo;industrie automobile, St\u00e9phane est dipl\u00f4m\u00e9 des Hautes Etudes d&rsquo;Ing\u00e9nieur.<br>Vice-Pr\u00e9sident&nbsp;des op\u00e9rations chez Renault, il a supervis\u00e9 la production et la strat\u00e9gie industrielle \u00e0 l&rsquo;international, participant au d\u00e9veloppement de plus de 60 v\u00e9hicules. <\/p>\n<\/div>\n<\/div>\n<\/section>\n\n\n\n<div class=\"wp-block-cover alignwide is-light mb-0 mt-0\" style=\"margin-top:0rem;margin-bottom:0%;padding-top:0;padding-right:0;padding-bottom:0;padding-left:0;min-height:111px;aspect-ratio:unset;\"><span aria-hidden=\"true\" class=\"wp-block-cover__background has-white-background-color has-background-dim-100 has-background-dim\"><\/span><div class=\"wp-block-cover__inner-container has-global-padding is-layout-constrained wp-container-core-cover-is-layout-511f179b wp-block-cover-is-layout-constrained\">\n<figure class=\"wp-block-image size-large is-resized\"><img loading=\"lazy\" decoding=\"async\" width=\"1024\" height=\"156\" src=\"https:\/\/sancev.fr\/wp-content\/uploads\/2025\/06\/Capture-decran-2025-06-06-a-14.57.26-2-1024x156.png\" alt=\"\" class=\"wp-image-350\" style=\"width:1917px;height:auto\" srcset=\"https:\/\/sancev.fr\/wp-content\/uploads\/2025\/06\/Capture-decran-2025-06-06-a-14.57.26-2-1024x156.png 1024w, https:\/\/sancev.fr\/wp-content\/uploads\/2025\/06\/Capture-decran-2025-06-06-a-14.57.26-2-300x46.png 300w, https:\/\/sancev.fr\/wp-content\/uploads\/2025\/06\/Capture-decran-2025-06-06-a-14.57.26-2-768x117.png 768w, https:\/\/sancev.fr\/wp-content\/uploads\/2025\/06\/Capture-decran-2025-06-06-a-14.57.26-2-1536x234.png 1536w, https:\/\/sancev.fr\/wp-content\/uploads\/2025\/06\/Capture-decran-2025-06-06-a-14.57.26-2.png 2044w\" sizes=\"auto, (max-width: 1024px) 100vw, 1024px\" \/><\/figure>\n<\/div><\/div>\n\n\n\n<div class=\"wp-block-cover is-light mb-0 mt-0\" style=\"padding-top:0;padding-right:0;padding-bottom:0;padding-left:0;font-size:0px\" id=\"presse\"><span aria-hidden=\"true\" class=\"wp-block-cover__background has-custom-color-1-background-color has-background-dim-100 has-background-dim\"><\/span><div class=\"wp-block-cover__inner-container is-layout-flow wp-block-cover-is-layout-flow\">\n<h1 class=\"wp-block-heading\" style=\"padding-top:2%;padding-right:13%;padding-bottom:2%;padding-left:8%\">Espace presse<\/h1>\n\n\n\n<div class=\"wp-block-columns is-layout-flex wp-container-core-columns-is-layout-28f84493 wp-block-columns-is-layout-flex\">\n<div class=\"wp-block-column is-layout-flow wp-block-column-is-layout-flow\">\n<p><a href=\"#https:\/\/sancev.fr\/?p=260\">N<\/a><a href=\"#https:\/\/sancev.fr\/?p=260\" target=\"_blank\" rel=\"noreferrer noopener\">otre Article <\/a><a href=\"#https:\/\/sancev.fr\/?p=260\"><br><\/a>La conversion d&rsquo;un v\u00e9hicule thermique en \u00e9lectrique : donnez une nouvelle vie \u00e0 votre voiture<\/p>\n\n\n\n<figure class=\"wp-block-image size-full is-resized is-style-default mb-0 mt-0 has-filter-vintage wp-duotone-unset-2\" style=\"margin-bottom:0px;margin-left:8%\"><img loading=\"lazy\" decoding=\"async\" width=\"996\" height=\"660\" src=\"https:\/\/sancev.fr\/wp-content\/uploads\/2025\/02\/Capture-decran-2025-04-29-a-10.24.40-2.png\" alt=\"\" class=\"wp-image-233\" style=\"width:613px;height:auto\" srcset=\"https:\/\/sancev.fr\/wp-content\/uploads\/2025\/02\/Capture-decran-2025-04-29-a-10.24.40-2.png 996w, https:\/\/sancev.fr\/wp-content\/uploads\/2025\/02\/Capture-decran-2025-04-29-a-10.24.40-2-300x199.png 300w, https:\/\/sancev.fr\/wp-content\/uploads\/2025\/02\/Capture-decran-2025-04-29-a-10.24.40-2-768x509.png 768w\" sizes=\"auto, (max-width: 996px) 100vw, 996px\" \/><\/figure>\n<\/div>\n\n\n\n<div class=\"wp-block-column is-layout-flow wp-block-column-is-layout-flow\">\n<p><span style=\"text-decoration: underline;\">Notre partenariat avec A2MAC1<\/span><\/p>\n\n\n\n<figure class=\"wp-block-video\"><video height=\"1080\" style=\"aspect-ratio: 1920 \/ 1080;\" width=\"1920\" controls src=\"https:\/\/sancev.fr\/wp-content\/uploads\/2025\/06\/Video-CBS-NEWS.mp4\"><\/video><\/figure>\n<\/div>\n<\/div>\n\n\n\n<div style=\"height:61px\" aria-hidden=\"true\" class=\"wp-block-spacer\"><\/div>\n<\/div><\/div>\n\n\n\n<div class=\"wp-block-cover is-light mb-0 mt-0\" style=\"padding-top:0;padding-right:0;padding-bottom:0;padding-left:0;font-size:0px\" id=\"mon-contact\"><span aria-hidden=\"true\" class=\"wp-block-cover__background has-background-dim-100 has-background-dim\" style=\"background-color:#858689\"><\/span><div class=\"wp-block-cover__inner-container is-layout-flow wp-block-cover-is-layout-flow\">\n<h1 class=\"wp-block-heading\" style=\"padding-top:2%;padding-right:13%;padding-bottom:2%;padding-left:8%\">Contact<\/h1>\n\n\n\n<p style=\"padding-top:2%;padding-right:13%;padding-bottom:2%;padding-left:8%\">Pour avoir plus d&rsquo;informations sur Sancev et le R\u00e9trofit, vous pouvez nous contacter :<br><br>\ud83d\udce9 Mail : maelle.daufresne@sancev.fr<br>\u260e\ufe0f T\u00e9l\u00e9phone : 06 83 61 61 20<br>\ud83d\udccdAdresse postale : 23 bis All\u00e9e des Marronniers, 78000 VERSAILLES<\/p>\n\n\n\n<div style=\"height:61px\" aria-hidden=\"true\" class=\"wp-block-spacer\"><\/div>\n\n\n\n<p style=\"margin-top:0;margin-right:0;margin-bottom:0;margin-left:0;padding-top:3%;padding-right:0;padding-bottom:6%;padding-left:8%;font-size:10px\">Mentions l\u00e9gales &#8211; Sancev, WordPress 2025<\/p>\n<\/div><\/div>\n","protected":false},"excerpt":{"rendered":"<p>Notre offre de partenariat en 4 \u00e9tapes Notre Savoir-faire: le R\u00e9trofit Bas Carbone comp\u00e9titif Sancev a \u00e9t\u00e9 fond\u00e9e en 2023 par Christophe de Charentenay et St\u00e9phane Durand avec l&rsquo;objectif d&rsquo;acc\u00e9l\u00e9rer la d\u00e9carbonation du parc automobile en d\u00e9mocratisant le R\u00e9trofit, une solution performante d&rsquo;\u00e9lectrification bas carbone. Passionn\u00e9s par l\u2019innovation technologique et forts d&rsquo;un riche parcours dans [&hellip;]<\/p>\n","protected":false},"author":0,"featured_media":0,"parent":0,"menu_order":0,"comment_status":"closed","ping_status":"closed","template":"","meta":{"_coblocks_attr":"","_coblocks_dimensions":"","_coblocks_responsive_height":"","_coblocks_accordion_ie_support":"","footnotes":""},"class_list":["post-4","page","type-page","status-publish","hentry"],"_links":{"self":[{"href":"https:\/\/sancev.fr\/index.php?rest_route=\/wp\/v2\/pages\/4","targetHints":{"allow":["GET"]}}],"collection":[{"href":"https:\/\/sancev.fr\/index.php?rest_route=\/wp\/v2\/pages"}],"about":[{"href":"https:\/\/sancev.fr\/index.php?rest_route=\/wp\/v2\/types\/page"}],"replies":[{"embeddable":true,"href":"https:\/\/sancev.fr\/index.php?rest_route=%2Fwp%2Fv2%2Fcomments&post=4"}],"version-history":[{"count":29,"href":"https:\/\/sancev.fr\/index.php?rest_route=\/wp\/v2\/pages\/4\/revisions"}],"predecessor-version":[{"id":428,"href":"https:\/\/sancev.fr\/index.php?rest_route=\/wp\/v2\/pages\/4\/revisions\/428"}],"wp:attachment":[{"href":"https:\/\/sancev.fr\/index.php?rest_route=%2Fwp%2Fv2%2Fmedia&parent=4"}],"curies":[{"name":"wp","href":"https:\/\/api.w.org\/{rel}","templated":true}]}}